{"id":4132,"date":"2018-11-20T22:59:23","date_gmt":"2018-11-20T21:59:23","guid":{"rendered":"http:\/\/www.notredamelacouronne.fr\/news\/?page_id=4132"},"modified":"2023-01-13T15:44:13","modified_gmt":"2023-01-13T14:44:13","slug":"historique","status":"publish","type":"page","link":"https:\/\/www.notredamelacouronne.fr\/news\/historique\/","title":{"rendered":"Historique &#8211; \u00c9cole Notre Dame \u00e0 La Couronne en Charente"},"content":{"rendered":"<p><strong><em>Historique de l&rsquo;\u00e9cole <\/em><\/strong><\/p>\n<p><em>L&rsquo;\u00e9cole Notre-Dame a une histoire, une histoire faite par ses directrices ,ses enseignantes et son personnel , ses directrices qui ont fait \u00e9voluer cette petite \u00e9cole d&rsquo;Enseignement Catholique.<\/em><\/p>\n<p><em>Ses d\u00e9buts remontent en <strong>1875 <\/strong>avec la cr\u00e9ation du Pensionnat priv\u00e9 de La Couronne.<\/em><\/p>\n<p><em>-En <strong>1902<\/strong>,&nbsp; l&rsquo;\u00e9cole s&rsquo;appelle pensionnat Sainte- Marthe. Elle accueille uniquement des filles. La directrice est mademoiselle <u>Delage Marie-Anne, S\u0153ur Agn\u00e8s<\/u>. <\/em><\/p>\n<p><em>-En <strong>1908<\/strong>, l&rsquo;\u00e9cole devient une \u00e9cole de filles et mademoiselle Delage agrandit le dortoir.<\/em><\/p>\n<p><em>-En <strong>1913, <\/strong>nouvelle transformation des locaux ce qui signifie une augmentation des effectifs,<\/em><\/p>\n<p><em>-En<strong> 1920,<\/strong> demande d&rsquo;ouverture d&rsquo;une \u00e9cole priv\u00e9e faite par mademoiselle<u> Laurent Alix<\/u> qui deviendra la nouvelle directrice.<\/em><\/p>\n<p><em>-En<strong> 1948, <\/strong>Mademoiselle <u>Tesseron Henriette<\/u> est la directrice de l&rsquo;institution apr\u00e8s avoir \u00e9t\u00e9 enseignante. L&rsquo;\u00e9cole compte un effectif tr\u00e8s faible: une moyenne de 10 \u00e0 12 \u00e9l\u00e8ves par classe.<\/em><\/p>\n<p><em>&#8211; En<strong> 1950,<\/strong> ouverture l\u00e9gale avec autorisation pr\u00e9fectorale d&rsquo;un jardin d&rsquo;enfants qui accueille des enfants de moins de 6 ans.<\/em><\/p>\n<p><em>-En <strong>1956<\/strong>, madame <u>Riollant Simone<\/u>, m\u00e8re Saint Jacques devient la nouvelle directrice<\/em><\/p>\n<p><em>-En <strong>1957<\/strong>, Le jardin d&rsquo;enfants qui est fr\u00e9quent\u00e9 par 4 petits gar\u00e7ons qui partent \u00e0 la rentr\u00e9e 1958 pour l&rsquo;\u00e9cole primaire. Les gar\u00e7ons ne sont toujours pas accept\u00e9s en primaire et en secondaire. Arriv\u00e9e de mademoiselle Singaraud, enseignante au jardin d&rsquo;enfants.<\/em><\/p>\n<p><em>-En <strong>1960<\/strong>, l&rsquo;\u00e9cole primaire est sous contrat simple avec 2 classes primaire et une classe enfantine.<\/em><\/p>\n<p><em>&#8211; En <strong>1964<\/strong>, Contrat simple pour le secondaire.<\/em><\/p>\n<p><em>-De <strong>1967 <\/strong>\u00e0 <strong>1968<\/strong>, <u>Lucienne Lacombe, s\u0153ur Saint-Paul<\/u> devient directrice du secondaire.<\/em><\/p>\n<p><em>eeeee<\/em><\/p>\n<p><em>&#8211;<strong>29 septembre 1968<\/strong>: Fermeture du secondaire et ouverture de l&rsquo;\u00e9cole primaire Notre-Dame de filles(81 \u00e9l\u00e8ves). L&rsquo;\u00e9cole s&rsquo;appelle d\u00e9sormais l&rsquo;\u00e9cole Notre-Dame. Mademoiselle<u> Colette Daigne<\/u> en devient la directrice.<\/em><\/p>\n<p><em>Les gar\u00e7ons ne sont accept\u00e9s qu&rsquo;en maternelle et doivent quitter l&rsquo;\u00e9cole pour effectuer leur primaire. L&rsquo;\u00e9cole est sous contrat simple et ne re\u00e7oit pas de subvention communale et vit p\u00e9niblement des scolarit\u00e9s .L&rsquo;\u00e9cole se compose d&rsquo;une classe maternelle (mademoiselle Singaraud), d&rsquo;une classe CP\/CE1\/CE2(madame Pageaud qui a effectu\u00e9 toute sa scolarit\u00e9 \u00e0 l&rsquo;\u00e9cole), d&rsquo;une classe de CM1\/CM2( mademoiselle Daigne,la directrice)<\/em><\/p>\n<p><em>-En <strong>1972<\/strong>, Deux classes de maternelle-Arriv\u00e9e de madame Sazerac de Forge; deux classes primaires. Mixit\u00e9 dans toutes les classes.<\/em><\/p>\n<p><em>-En <strong>1980<\/strong>, Deux classes de maternelle,- trois classes primaires-Arriv\u00e9e de madame Rapinet.<\/em><\/p>\n<p><em>-En <strong>1981<\/strong>, Deux classes de maternelle,- quatre classes primaires-Arriv\u00e9e de madame Gauthier.<\/em><\/p>\n<p><em>&#8211;<strong>8 mai 1983<\/strong>, Contrat d&rsquo;association sign\u00e9(mais apr\u00e8s tous les travaux de construction des maternelles).Maintenant et depuis cette date, la commune verse \u00e0 l&rsquo;\u00e9cole un forfait pour chaque \u00e9l\u00e8ve habitant La Couronne. Cette subvention est vitale pour l&rsquo;\u00e9cole, car le versement des scolarit\u00e9s effectu\u00e9s par les familles est tr\u00e8s insuffisante pour couvrir les frais de fonctionnement.<\/em><\/p>\n<p><em>&#8211; En <strong>1984<\/strong>, Deux maternelles-cinq classes primaires. Arriv\u00e9e de madame Marsaud .<\/em><\/p>\n<p><em>-En <strong>1986<\/strong>, arriv\u00e9e de madame V\u00e9ronique Moreau.<\/em><\/p>\n<p><em>Depuis cette date, pas de changement dans le fonctionnement de l&rsquo;\u00e9cole, si ce n&rsquo;est quelques nouvelles ma\u00eetresses.<\/em><\/p>\n<p><em>-En<strong> 1992<\/strong>, d\u00e9part \u00e0 la retraite de madame Sazerac de Forge. Arriv\u00e9e de madame <u>Rouchier Christine .<\/u><\/em><\/p>\n<p><em>-En <strong>1993<\/strong>, d\u00e9part de madame Gauthier (mutation), arriv\u00e9e de madame Voye Francine. madame Jean remplace madame Rapinet qui est en cong\u00e9s parental pour 3 ans.<\/em><\/p>\n<p><em>-En <strong>1995<\/strong>, d\u00e9part \u00e0 la retraite de madame Singaraud qui est remplac\u00e9e par madame Teyss\u00e9dou Catherine.<\/em><\/p>\n<p><em>-En <strong>1997<\/strong>, d\u00e9part \u00e0 la retraite de madame Daigne apr\u00e8s 29 ans de direction!!Elle est remplac\u00e9e par madame Marie-Th\u00e9r\u00e8se Rousseau qui enseigne aussi en CM2.<\/em><\/p>\n<p><em>-En <strong>1999<\/strong>, d\u00e9part \u00e0 la retraite de madame Rousseau qui est remplac\u00e9e par madame Christine Rouchier enseignante en CE2. D\u00e9part de madame Rapinet .<\/em><\/p>\n<p><em>Arriv\u00e9e de madame Florence Cabirol en CM2 et de madame Marie-Pierre Sarrazin en MS\/GS<\/em><\/p>\n<p><em>&#8211; En <strong>2000<\/strong>, d\u00e9part \u00e0 la retraite de madame Marsaud et de madame Pageaud. Elles sont remplac\u00e9es par madame Emmanuelle Lassaigne en CP et madame Sylvie Chagnaud en CE1.<\/em><\/p>\n<p><em>-En <strong>2003<\/strong>, d\u00e9part de madame Francine Voye pour l&rsquo;\u00e9cole St Paul et de madame Rouchier pour l&rsquo;\u00e9cole de l&rsquo;Enfant J\u00e9sus \u00e0 Angoul\u00eame.<\/em><\/p>\n<p><em>Madame <u>Marie-Fran\u00e7oise Pauly<\/u> prend la direction de l&rsquo;\u00e9cole et la classe de CE2. Le projet \u00e9ducatif de l&rsquo;\u00e9cole est r\u00e9\u00e9crit. Arriv\u00e9e de madame Martine Gendrineau en CM1.<\/em><\/p>\n<p><em>-En <strong>2007<\/strong>, d\u00e9part de madame Pauly pour la direction de Sainte Marthe Chavagnes. Elle est remplac\u00e9e \u00e0 la direction par madame <u>Sylvie Chagnaud<\/u> enseignante d\u00e9j\u00e0 en CE1 depuis 2000.D\u00e9part de madame Gendrineau pour l&rsquo;\u00e9cole Sainte Marie de Barbezieux qui est&nbsp; remplac\u00e9e par madame Lecomte Marie-Agn\u00e8s en CE2. Arriv\u00e9e de madame Giroud Nathalie en CM2. Les effectifs sont \u00e0 ce jour de 160 \u00e9l\u00e8ves.<\/em><\/p>\n<p><em>-En <strong>2013<\/strong>, d\u00e9part de madame Lecomte pour l&rsquo;\u00e9cole de l&rsquo;Enfant J\u00e9sus. Elle est remplac\u00e9e par madame Monin Christ\u00e8le.<\/em><\/p>\n<p><em>&#8211; En <strong>septembre 2016<\/strong>, ouverture de la 8\u00e8me classe et arriv\u00e9e de madame Gallardo Aude en classe de CE1. Madame Chagnaud change de niveau et prend la classe de GS avec madame Hocde Marie Christine sur sa d\u00e9charge de direction (1 journ\u00e9e et demi). Cette classe accueille provisoirement les 17 \u00e9l\u00e8ves dans la salle de r\u00e9union des enseignantes qui a \u00e9t\u00e9 r\u00e9am\u00e9nag\u00e9e \u00e0 cet effet. Les projets de travaux sont entrepris pour la construction de 5 classes primaires et 1 classe maternelle pour la rentr\u00e9e 2017&#8230; Les effectifs sont \u00e0 ce jour de 204 \u00e9l\u00e8ves.<\/em><\/p>\n<p><em>&#8211; En <strong>septembre 2017, <\/strong>les \u00e9l\u00e8ves font leur rentr\u00e9e dans une \u00e9cole toute neuve. Le pr\u00e9fabriqu\u00e9 a \u00e9t\u00e9 d\u00e9moli pour laiss\u00e9 place \u00e0 une tr\u00e8s joli pelouse. encadr\u00e9e par &nbsp;deux nouveaux b\u00e2timents ont qui se font face. <\/em><\/p>\n<p><em>Madame Christ\u00e8le Monin part enseigner \u00e0 l&rsquo;\u00e9tranger et est remplac\u00e9e en CE2 par madame Nathalie Barbier. Les effectifs de rentr\u00e9e sont \u00e0 206.<\/em><\/p>\n<p><em>Monsieur Pascal Barbier remplace monsieur Gillard \u00e0 la pr\u00e9sidence de l&rsquo;OGEC.<\/em><\/p>\n<p><em>En juin de cette ann\u00e9e les travaux de cantine d\u00e9marrent et les \u00e9l\u00e8ves doivent exceptionnellement manger pendant les quelques jours qui les s\u00e9parent des grandes vacances avec des plateaux repas dehors et dans les classes.<\/em><\/p>\n<p><em>&#8211; En <strong>septembre 2018, <\/strong>l&rsquo;\u00e9cole se maintient \u00e0 206 \u00e9l\u00e8ves. D\u00e9part de Nicole et Michel Epron qui ont pris leur retraite bien m\u00e9rit\u00e9e.L&rsquo;\u00e9tablissement doit r\u00e9organiser son service de restauration. <\/em><\/p>\n<p><em>Le self-service est op\u00e9rationnel et les \u00e9l\u00e8ves mangent dans des r\u00e9fectoires tout neuf. L&rsquo;\u00e9cole a maintenant le noms de ses b\u00e2timents: <strong>Acacia<\/strong> (pour le b\u00e2timent administratif avec garderie et classe ASH); <strong>Balsamier<\/strong>(pour les classes du CE1 au CM2), <strong>Ch\u00eane <\/strong>(pour les classes de GS et CP), <strong>Dattier<\/strong> (pour le b\u00e2timents des classes de TPS\/PS et MS)et enfin <strong>Sycomore <\/strong>(pour le b\u00e2timent du self-service).<\/em><\/p>\n<p><em>Et l&rsquo;histoire continue&#8230;&#8230;<\/em><\/p>\n","protected":false},"excerpt":{"rendered":"<p>_<\/p>\n","protected":false},"author":1,"featured_media":0,"parent":0,"menu_order":0,"comment_status":"closed","ping_status":"closed","template":"","meta":{"footnotes":""},"class_list":["post-4132","page","type-page","status-publish","hentry"],"_links":{"self":[{"href":"https:\/\/www.notredamelacouronne.fr\/news\/wp-json\/wp\/v2\/pages\/4132","targetHints":{"allow":["GET"]}}],"collection":[{"href":"https:\/\/www.notredamelacouronne.fr\/news\/wp-json\/wp\/v2\/pages"}],"about":[{"href":"https:\/\/www.notredamelacouronne.fr\/news\/wp-json\/wp\/v2\/types\/page"}],"author":[{"embeddable":true,"href":"https:\/\/www.notredamelacouronne.fr\/news\/wp-json\/wp\/v2\/users\/1"}],"replies":[{"embeddable":true,"href":"https:\/\/www.notredamelacouronne.fr\/news\/wp-json\/wp\/v2\/comments?post=4132"}],"version-history":[{"count":0,"href":"https:\/\/www.notredamelacouronne.fr\/news\/wp-json\/wp\/v2\/pages\/4132\/revisions"}],"wp:attachment":[{"href":"https:\/\/www.notredamelacouronne.fr\/news\/wp-json\/wp\/v2\/media?parent=4132"}],"curies":[{"name":"wp","href":"https:\/\/api.w.org\/{rel}","templated":true}]}}