{"id":2907,"date":"2017-03-05T23:30:55","date_gmt":"2017-03-05T22:30:55","guid":{"rendered":"http:\/\/www.notredamelacouronne.fr\/news\/?page_id=2907"},"modified":"2026-03-02T10:53:21","modified_gmt":"2026-03-02T09:53:21","slug":"accueil","status":"publish","type":"page","link":"https:\/\/www.notredamelacouronne.fr\/news\/","title":{"rendered":"Accueil &#8211; Ecole Primaire Notre Dame pr\u00e8s d&rsquo;Angoul\u00eame"},"content":{"rendered":"\n<div class=\"wp-block-cover is-light\" style=\"min-height:305px;aspect-ratio:unset;\"><img loading=\"lazy\" decoding=\"async\" width=\"600\" height=\"168\" class=\"wp-block-cover__image-background wp-image-4214\" alt=\"\" src=\"https:\/\/www.notredamelacouronne.fr\/news\/wp-content\/uploads\/2018\/12\/Photo-vue-densemble-du-portail-vert.jpg\" data-object-fit=\"cover\" srcset=\"https:\/\/www.notredamelacouronne.fr\/news\/wp-content\/uploads\/2018\/12\/Photo-vue-densemble-du-portail-vert.jpg 600w, https:\/\/www.notredamelacouronne.fr\/news\/wp-content\/uploads\/2018\/12\/Photo-vue-densemble-du-portail-vert-300x84.jpg 300w\" sizes=\"auto, (max-width: 600px) 100vw, 600px\" \/><span aria-hidden=\"true\" class=\"wp-block-cover__background has-background-dim\"><\/span><div class=\"wp-block-cover__inner-container is-layout-flow wp-block-cover-is-layout-flow\">\n<p class=\"has-text-align-center has-huge-font-size\"><\/p>\n\n\n\n<p><\/p>\n\n\n\n<p class=\"has-text-align-center has-vivid-green-cyan-color has-text-color has-link-color has-medium-font-size wp-elements-6fb255c6fc6e232fa3f0fc1231b03b0d\"><mark style=\"background-color:rgba(0, 0, 0, 0)\" class=\"has-inline-color has-light-green-cyan-color\"><strong>\u00ab&nbsp;Les demandes d&rsquo;inscription pour la rentr\u00e9e de septembre 2026 peuvent se faire d\u00e8s \u00e0 pr\u00e9sent par le <\/strong><\/mark><a href=\"https:\/\/www.notredamelacouronne.fr\/news\/formulaire-demande-dinscription\/\"><mark style=\"background-color:rgba(0, 0, 0, 0)\" class=\"has-inline-color has-light-green-cyan-color\"><strong>formulaire de demande d&rsquo;inscription<\/strong><\/mark><\/a><mark style=\"background-color:rgba(0, 0, 0, 0)\" class=\"has-inline-color has-light-green-cyan-color\"><strong>\u00bb.<\/strong><\/mark><\/p>\n<\/div><\/div>\n\n\n\n<p>&nbsp;<\/P>\n<!-- <p class=\"has-text-align-center has-medium-font-size\"><strong><a href=\"https:\/\/www.notredamelacouronne.fr\/news\/wp-content\/uploads\/2023\/08\/Mot-de-la-directrice-23-24.pdf\" target=\"_blank\" rel=\"noreferrer noopener\" class=\"has-vivid-red-color has-text-color\">&gt;&gt;&gt; Mot de la directrice rentr\u00e9e 2023 &lt;&lt;&lt;<\/a><\/strong><\/p> -->\n<p class=\"has-text-align-center has-medium-font-size\"><img decoding=\"async\" src=\"https:\/\/www.notredamelacouronne.fr\/news\/wp-content\/uploads\/2023\/11\/fleche.gif\"><\/p>\n\n\n\n<p class=\"has-text-align-center has-medium-font-size\"><a href=\"https:\/\/www.notredamelacouronne.fr\/news\/formulaire-demande-dinscription\/\"><strong>Formulaire de demande d&rsquo;inscription<\/strong><\/a><\/p>\n\n\n\n<figure class=\"wp-block-video\"><video height=\"1080\" style=\"aspect-ratio: 1920 \/ 1080;\" width=\"1920\" autoplay controls poster=\"https:\/\/www.notredamelacouronne.fr\/news\/wp-content\/uploads\/2019\/10\/Resized_20191018_143227_71981.jpg\" src=\"https:\/\/www.notredamelacouronne.fr\/news\/wp-content\/uploads\/2022\/08\/Presentation-Ecole-2022-2023.mp4\"><\/video><\/figure>\n\n\n\n<hr class=\"wp-block-separator has-css-opacity\"\/>\n\n\n\n<p>Le mot de la cheffe d&rsquo;\u00e9tablissement :<\/p>\n\n\n\n<p class=\"has-text-align-left\">Bienvenue sur le site de notre belle \u00e9cole Notre Dame !<\/p>\n\n\n\n<p>Nous sommes heureux de vous accueillir dans cet espace d\u00e9di\u00e9 \u00e0 la vie de notre \u00e9tablissement.<\/p>\n\n\n\n<p>Que vous soyez parents, \u00e9l\u00e8ves, futurs inscrits ou simples visiteurs, ce site a \u00e9t\u00e9 con\u00e7u pour vous offrir une porte d\u2019entr\u00e9e vers notre communaut\u00e9 scolaire.<\/p>\n\n\n\n<p>\u00c0 travers ces pages, vous d\u00e9couvrirez notre projet \u00e9ducatif, nos activit\u00e9s, ainsi que les \u00e9v\u00e9nements qui rythment la vie de l\u2019\u00e9cole.<\/p>\n\n\n\n<p>Notre objectif : offrir \u00e0 chaque \u00e9l\u00e8ve un cadre bienveillant, dynamique et propice \u00e0 l\u2019\u00e9panouissement personnel et aux apprentissages.<\/p>\n\n\n\n<p>L\u2019\u00e9cole est un lieu de savoir, mais aussi de vivre-ensemble, de respect et de construction de soi.<\/p>\n\n\n\n<p>Nous mettons un point d\u2019honneur \u00e0 accompagner chaque enfant dans son parcours, en collaboration \u00e9troite avec les familles.<\/p>\n\n\n\n<p class=\"has-text-align-left\">Bonne visite, et au plaisir de vous accueillir !<\/p>\n\n\n\n<p class=\"has-text-align-left\">Emmanuelle BAYLE<br>Cheffe d&rsquo;\u00e9tablissement<\/p>\n\n\n\n<h2 class=\"wp-block-heading\" id=\"une-ecole-qui-eduque-a-un-vivre-ensemble-ou-chacun-s-epanouit\"><span style=\"color: #0000ff;\"><em><span style=\"color: #ff6600;\">UNE ECOLE QUI EDUQUE A UN \u00ab\u00a0VIVRE ENSEMBLE\u00a0\u00bb OU CHACUN S&rsquo;EPANOUIT<\/span><\/em><\/span><\/h2>\n\n\n\n<hr class=\"wp-block-separator has-css-opacity\"\/>\n\n\n\n<div>&nbsp;<\/div>\n\n\n\n<div>\n<div><small><em><big><big><big>&nbsp;<\/big><\/big><\/big><\/em><\/small><\/div>\n<\/div>\n","protected":false},"excerpt":{"rendered":"<p>_<\/p>\n","protected":false},"author":1,"featured_media":0,"parent":0,"menu_order":0,"comment_status":"closed","ping_status":"closed","template":"","meta":{"footnotes":""},"class_list":["post-2907","page","type-page","status-publish","hentry"],"_links":{"self":[{"href":"https:\/\/www.notredamelacouronne.fr\/news\/wp-json\/wp\/v2\/pages\/2907","targetHints":{"allow":["GET"]}}],"collection":[{"href":"https:\/\/www.notredamelacouronne.fr\/news\/wp-json\/wp\/v2\/pages"}],"about":[{"href":"https:\/\/www.notredamelacouronne.fr\/news\/wp-json\/wp\/v2\/types\/page"}],"author":[{"embeddable":true,"href":"https:\/\/www.notredamelacouronne.fr\/news\/wp-json\/wp\/v2\/users\/1"}],"replies":[{"embeddable":true,"href":"https:\/\/www.notredamelacouronne.fr\/news\/wp-json\/wp\/v2\/comments?post=2907"}],"version-history":[{"count":46,"href":"https:\/\/www.notredamelacouronne.fr\/news\/wp-json\/wp\/v2\/pages\/2907\/revisions"}],"predecessor-version":[{"id":9027,"href":"https:\/\/www.notredamelacouronne.fr\/news\/wp-json\/wp\/v2\/pages\/2907\/revisions\/9027"}],"wp:attachment":[{"href":"https:\/\/www.notredamelacouronne.fr\/news\/wp-json\/wp\/v2\/media?parent=2907"}],"curies":[{"name":"wp","href":"https:\/\/api.w.org\/{rel}","templated":true}]}}