{"id":2874,"date":"2017-02-27T21:41:04","date_gmt":"2017-02-27T20:41:04","guid":{"rendered":"http:\/\/www.notredamelacouronne.fr\/news\/?page_id=2874"},"modified":"2024-08-26T16:27:00","modified_gmt":"2024-08-26T15:27:00","slug":"presentation","status":"publish","type":"page","link":"https:\/\/www.notredamelacouronne.fr\/news\/presentation\/","title":{"rendered":"Pr\u00e9sentation &#8211; \u00c9cole Notre Dame\u00a0La Couronne (16 &#8211; Angoul\u00eame)"},"content":{"rendered":"<p>D\u00e9couvrez l\u00a0\u00bb\u00e9cole en d\u00e9tail&#8230;\u00a0<em> (N&rsquo;h\u00e9sitez pas \u00e0 cliquer sur les liens pour visiter !)<\/em><\/p>\n<p><img loading=\"lazy\" decoding=\"async\" class=\"alignnone size-large\" src=\"https:\/\/www.notredamelacouronne.fr\/news\/wp-content\/uploads\/2017\/12\/resized_triphotoecole.jpg\" width=\"1280\" height=\"287\" \/><\/p>\n<p><img loading=\"lazy\" decoding=\"async\" class=\"size-large wp-image-4212 alignnone\" src=\"https:\/\/www.notredamelacouronne.fr\/news\/wp-content\/uploads\/2018\/12\/Maternelle-GS-et-CP-300x225.jpg\" alt=\"\" width=\"300\" height=\"225\" srcset=\"https:\/\/www.notredamelacouronne.fr\/news\/wp-content\/uploads\/2018\/12\/Maternelle-GS-et-CP-300x225.jpg 300w, https:\/\/www.notredamelacouronne.fr\/news\/wp-content\/uploads\/2018\/12\/Maternelle-GS-et-CP.jpg 600w\" sizes=\"auto, (max-width: 300px) 100vw, 300px\" \/><img loading=\"lazy\" decoding=\"async\" class=\"wp-image-4210 alignnone\" src=\"https:\/\/www.notredamelacouronne.fr\/news\/wp-content\/uploads\/2018\/12\/Grotte-Notre-Dame-225x300.jpg\" alt=\"\" width=\"168\" height=\"224\" srcset=\"https:\/\/www.notredamelacouronne.fr\/news\/wp-content\/uploads\/2018\/12\/Grotte-Notre-Dame-225x300.jpg 225w, https:\/\/www.notredamelacouronne.fr\/news\/wp-content\/uploads\/2018\/12\/Grotte-Notre-Dame.jpg 600w\" sizes=\"auto, (max-width: 168px) 100vw, 168px\" \/><\/p>\n<p><span style=\"color: #008000;\"><b>PRESENTATION DE L\u2019ECOLE\u00a0<\/b><\/span><\/p>\n<p><span style=\"font-weight: 400;\">L\u2019Ecole Notre Dame est un \u00e9tablissement scolaire priv\u00e9 catholique.<\/span><\/p>\n<p><span style=\"font-weight: 400;\">Elle accueille des enfants de la toute petite section de maternelle au CM2 dans des b\u00e2timents r\u00e9cents aux normes handicap, tous climatis\u00e9s et \u00e9quip\u00e9s de vid\u00e9o projecteurs et ordinateurs.<\/span><\/p>\n<p><span style=\"font-weight: 400;\"> Actuellement, elle est compos\u00e9e de 8 classes\u00a0:<\/span><\/p>\n<p style=\"padding-left: 30px;\"><span style=\"font-weight: 400;\">3 classes maternelles<\/span><\/p>\n<p style=\"padding-left: 30px;\"><span style=\"font-weight: 400;\">5 classes primaires<\/span><\/p>\n<p><span style=\"font-weight: 400;\">Elle fait partie de l\u2019Enseignement Catholique du Dioc\u00e8se d\u2019Angoul\u00eame.<\/span><\/p>\n<p><span style=\"font-weight: 400;\">Le Chef d\u2019\u00e9tablissement re\u00e7oit de la Direction Dioc\u00e9saine sa mission et les orientations g\u00e9n\u00e9rales \u00e0 mettre en \u0153uvre, il est responsable des activit\u00e9s propos\u00e9es dans l\u2019\u00e9tablissement et des personnes qui y participent. Il est d\u00e9charg\u00e9 d\u2019une journ\u00e9e et demi de sa classe.<\/span><\/p>\n<p><span style=\"font-weight: 400;\"><span style=\"color: #0000ff;\">L\u2019Ecole est sous contrat d\u2019association\u00a0<\/span>:<\/span><\/p>\n<p style=\"padding-left: 30px;\"><span style=\"font-weight: 400;\">Avec l\u2019Etat\u00a0: les enseignants sont r\u00e9mun\u00e9r\u00e9s par l\u2019Education Nationale. Ils sont tenus aux m\u00eames exigences de dipl\u00f4mes et de comp\u00e9tences que leurs coll\u00e8gues de l\u2019Enseignement Public (programmes, formations, inspections\u2026)<\/span><\/p>\n<p style=\"padding-left: 30px;\"><span style=\"font-weight: 400;\">Avec la Municipalit\u00e9\u00a0: \u00e0 ce titre, l\u2019Ecole re\u00e7oit un forfait pour les enfants de La Couronne des classes maternelles et primaires. <\/span><\/p>\n<p><span style=\"font-weight: 400;\"><span style=\"color: #0000ff;\">Deux associations travaillent pour le bien de l\u2019Ecole<\/span>\u00a0:<\/span><\/p>\n<p style=\"padding-left: 30px;\"><b>Organisme de Gestion de l\u2019Etablissement Catholique\u00a0: O G E C<\/b><\/p>\n<p><span style=\"font-weight: 400;\">Elle est compos\u00e9e en g\u00e9n\u00e9ral de parents, d\u2019anciens parents et d\u2019amis de l\u2019\u00e9cole. Elle est responsable de la gestion financi\u00e8re de l\u2019Ecole dans son ensemble.<\/span><\/p>\n<p style=\"padding-left: 30px;\"><b>Association des Parents d\u2019El\u00e8ves\u00a0: A P E L<\/b><\/p>\n<p><span style=\"font-weight: 400;\">Elle n&rsquo;est compos\u00e9e que de parents d\u2019\u00e9l\u00e8ves scolaris\u00e9s. C\u2019est notamment un relais entre les parents et les enseignants. Son objet vise aussi la conception et l\u2019organisation des manifestations r\u00e9cr\u00e9atives afin de favoriser la communication entre les partenaires de l\u2019Ecole et d\u2019aide financi\u00e8rement celle-ci.<\/span><\/p>\n<p>Documents \u00e0 t\u00e9l\u00e9charger (cliquez sur les liens ci-dessous) :<\/p>\n<p><span style=\"color: #00ccff;\"><strong><a style=\"color: #00ccff;\" href=\"https:\/\/www.notredamelacouronne.fr\/news\/wp-content\/uploads\/2024\/08\/Contrat-de-scolarisation-24-25.pdf\" target=\"_blank\" rel=\"noopener noreferrer\">\u21d2 Charte de scolarisation<\/a><\/strong><\/span><\/p>\n<p><span style=\"color: #00ccff;\"><strong><a style=\"color: #00ccff;\" href=\"https:\/\/www.notredamelacouronne.fr\/news\/wp-content\/uploads\/2019\/03\/3-PROJET-EDUCATIF.pdf\" target=\"_blank\" rel=\"noopener noreferrer\">\u21d2 Projet \u00e9ducatif<\/a><\/strong><\/span><\/p>\n<p><span style=\"color: #00ccff;\"><strong><a style=\"color: #00ccff;\" href=\"https:\/\/www.notredamelacouronne.fr\/news\/wp-content\/uploads\/2024\/08\/PROJET-ecole-l-attention-et-la-concentration-au-coeur-des-apprentissages-24-29.pdf\" target=\"_blank\" rel=\"noopener noreferrer\">\u21d2 Projet d\u2019\u00e9tablissement<\/a><\/strong><\/span><\/p>\n<p><span style=\"color: #00ccff;\"><strong><a style=\"color: #00ccff;\" href=\"https:\/\/www.notredamelacouronne.fr\/news\/wp-content\/uploads\/2023\/03\/Organigramme-2022-2023.pdf\" target=\"_blank\" rel=\"noopener noreferrer\">\u21d2 Organigramme<\/a><\/strong><\/span><\/p>\n<p><span style=\"color: #008000;\"><strong>D\u00e9couvrez l&rsquo;\u00e9cole en d\u00e9tail&#8230; Vous pouvez cliquer sur le nom des classes.<\/strong><\/span><\/p>\n<hr \/>\n<p><strong><span style=\"color: #008000;\">B\u00e2timent \u00ab\u00a0Dattier\u00a0\u00bb<\/span><\/strong><\/p>\n<p><img loading=\"lazy\" decoding=\"async\" class=\"alignnone size-large wp-image-4412\" src=\"https:\/\/www.notredamelacouronne.fr\/news\/wp-content\/uploads\/2019\/01\/TPS-PS-MS-Dattier-300x225.jpg\" alt=\"\" width=\"300\" height=\"225\" srcset=\"https:\/\/www.notredamelacouronne.fr\/news\/wp-content\/uploads\/2019\/01\/TPS-PS-MS-Dattier-300x225.jpg 300w, https:\/\/www.notredamelacouronne.fr\/news\/wp-content\/uploads\/2019\/01\/TPS-PS-MS-Dattier.jpg 600w\" sizes=\"auto, (max-width: 300px) 100vw, 300px\" \/><\/p>\n<ul>\n<li><a href=\"https:\/\/www.notredamelacouronne.fr\/news\/classe-psm\/\">=&gt; Toute petite section et petite\u00a0 section maternelle<\/a><\/li>\n<li><a href=\"https:\/\/www.notredamelacouronne.fr\/news\/classe-msm\/\">=&gt; Moyenne section maternelle<\/a><br \/>\n<hr \/>\n<\/li>\n<\/ul>\n<p><span style=\"color: #008000;\"><strong>B\u00e2timent \u00ab\u00a0Ch\u00eane\u00a0\u00bb<\/strong><\/span><\/p>\n<p><img loading=\"lazy\" decoding=\"async\" class=\"alignnone size-large wp-image-4252\" src=\"https:\/\/www.notredamelacouronne.fr\/news\/wp-content\/uploads\/2018\/12\/GS-CP-Ch\u00eane-1-300x225.jpg\" alt=\"\" width=\"300\" height=\"225\" srcset=\"https:\/\/www.notredamelacouronne.fr\/news\/wp-content\/uploads\/2018\/12\/GS-CP-Ch\u00eane-1-300x225.jpg 300w, https:\/\/www.notredamelacouronne.fr\/news\/wp-content\/uploads\/2018\/12\/GS-CP-Ch\u00eane-1.jpg 600w\" sizes=\"auto, (max-width: 300px) 100vw, 300px\" \/><\/p>\n<ul>\n<li><a href=\"https:\/\/www.notredamelacouronne.fr\/news\/classe-gsm\/\">=&gt; Grande section maternelle<\/a><\/li>\n<li><a href=\"https:\/\/www.notredamelacouronne.fr\/news\/classe-cp\/\">=&gt; CP<\/a><br \/>\n<hr \/>\n<\/li>\n<\/ul>\n<p><strong><span style=\"color: #008000;\">B\u00e2timent \u00ab\u00a0Balsamier\u00a0\u00bb<\/span><\/strong><\/p>\n<p><img loading=\"lazy\" decoding=\"async\" class=\"alignnone size-large wp-image-4243\" src=\"https:\/\/www.notredamelacouronne.fr\/news\/wp-content\/uploads\/2018\/12\/CE1-CE2-CM1-CM2-Balsamier-1-300x225.jpg\" alt=\"\" width=\"300\" height=\"225\" srcset=\"https:\/\/www.notredamelacouronne.fr\/news\/wp-content\/uploads\/2018\/12\/CE1-CE2-CM1-CM2-Balsamier-1-300x225.jpg 300w, https:\/\/www.notredamelacouronne.fr\/news\/wp-content\/uploads\/2018\/12\/CE1-CE2-CM1-CM2-Balsamier-1.jpg 600w\" sizes=\"auto, (max-width: 300px) 100vw, 300px\" \/><\/p>\n<ul>\n<li><a href=\"https:\/\/www.notredamelacouronne.fr\/news\/classe-ce1-5\/\">=&gt; CE1<\/a><\/li>\n<li><a href=\"https:\/\/www.notredamelacouronne.fr\/news\/classe-ce2-5\/\">=&gt; CE2<\/a><\/li>\n<li><a href=\"https:\/\/www.notredamelacouronne.fr\/news\/classe-cm1\/\">=&gt; CM1<\/a><\/li>\n<li><a href=\"https:\/\/www.notredamelacouronne.fr\/news\/classe-cm2\/\">=&gt; CM2<\/a><br \/>\n<hr \/>\n<\/li>\n<\/ul>\n<p><strong><span style=\"color: #008000;\">B\u00e2timent \u00ab\u00a0Acacia\u00a0\u00bb<\/span><\/strong><\/p>\n<p><img loading=\"lazy\" decoding=\"async\" class=\"alignnone size-large wp-image-4415\" src=\"https:\/\/www.notredamelacouronne.fr\/news\/wp-content\/uploads\/2019\/01\/Garderie-Accueil-Classe-ASH-Acacia-300x225.jpg\" alt=\"\" width=\"300\" height=\"225\" srcset=\"https:\/\/www.notredamelacouronne.fr\/news\/wp-content\/uploads\/2019\/01\/Garderie-Accueil-Classe-ASH-Acacia-300x225.jpg 300w, https:\/\/www.notredamelacouronne.fr\/news\/wp-content\/uploads\/2019\/01\/Garderie-Accueil-Classe-ASH-Acacia.jpg 600w\" sizes=\"auto, (max-width: 300px) 100vw, 300px\" \/><\/p>\n<p style=\"padding-left: 30px;\">Classe ASH<\/p>\n<p><img loading=\"lazy\" decoding=\"async\" class=\"alignnone size-large wp-image-4685\" src=\"https:\/\/www.notredamelacouronne.fr\/news\/wp-content\/uploads\/2019\/05\/Classe-ASH-300x225.jpg\" alt=\"\" width=\"300\" height=\"225\" srcset=\"https:\/\/www.notredamelacouronne.fr\/news\/wp-content\/uploads\/2019\/05\/Classe-ASH-300x225.jpg 300w, https:\/\/www.notredamelacouronne.fr\/news\/wp-content\/uploads\/2019\/05\/Classe-ASH.jpg 600w\" sizes=\"auto, (max-width: 300px) 100vw, 300px\" \/>\u00a0 \u00a0<img loading=\"lazy\" decoding=\"async\" class=\"alignnone size-large wp-image-4686\" src=\"https:\/\/www.notredamelacouronne.fr\/news\/wp-content\/uploads\/2019\/05\/Classe-ASH2-300x225.jpg\" alt=\"\" width=\"300\" height=\"225\" srcset=\"https:\/\/www.notredamelacouronne.fr\/news\/wp-content\/uploads\/2019\/05\/Classe-ASH2-300x225.jpg 300w, https:\/\/www.notredamelacouronne.fr\/news\/wp-content\/uploads\/2019\/05\/Classe-ASH2.jpg 600w\" sizes=\"auto, (max-width: 300px) 100vw, 300px\" \/><\/p>\n<p style=\"padding-left: 30px;\">Garderie<\/p>\n<p><img loading=\"lazy\" decoding=\"async\" class=\"alignnone size-large wp-image-4689\" src=\"https:\/\/www.notredamelacouronne.fr\/news\/wp-content\/uploads\/2019\/05\/Garderie2-300x225.jpg\" alt=\"\" width=\"300\" height=\"225\" srcset=\"https:\/\/www.notredamelacouronne.fr\/news\/wp-content\/uploads\/2019\/05\/Garderie2-300x225.jpg 300w, https:\/\/www.notredamelacouronne.fr\/news\/wp-content\/uploads\/2019\/05\/Garderie2.jpg 600w\" sizes=\"auto, (max-width: 300px) 100vw, 300px\" \/>\u00a0<img loading=\"lazy\" decoding=\"async\" class=\"alignnone size-large wp-image-4687\" src=\"https:\/\/www.notredamelacouronne.fr\/news\/wp-content\/uploads\/2019\/05\/Garderie-3-300x225.jpg\" alt=\"\" width=\"300\" height=\"225\" srcset=\"https:\/\/www.notredamelacouronne.fr\/news\/wp-content\/uploads\/2019\/05\/Garderie-3-300x225.jpg 300w, https:\/\/www.notredamelacouronne.fr\/news\/wp-content\/uploads\/2019\/05\/Garderie-3.jpg 600w\" sizes=\"auto, (max-width: 300px) 100vw, 300px\" \/><\/p>\n<p style=\"padding-left: 30px;\">Accueil : Direction\/administration<\/p>\n<hr \/>\n<p><strong><span style=\"color: #008000;\">B\u00e2timent \u00ab\u00a0Sycomore\u00a0\u00bb<\/span><\/strong><\/p>\n<p><img loading=\"lazy\" decoding=\"async\" class=\"alignnone size-large wp-image-4161\" src=\"https:\/\/www.notredamelacouronne.fr\/news\/wp-content\/uploads\/2018\/12\/Self-Service-Sycomorre-300x225.jpg\" alt=\"\" width=\"300\" height=\"225\" srcset=\"https:\/\/www.notredamelacouronne.fr\/news\/wp-content\/uploads\/2018\/12\/Self-Service-Sycomorre-300x225.jpg 300w, https:\/\/www.notredamelacouronne.fr\/news\/wp-content\/uploads\/2018\/12\/Self-Service-Sycomorre.jpg 600w\" sizes=\"auto, (max-width: 300px) 100vw, 300px\" \/><\/p>\n<p>Self service<\/p>\n<ul>\n<li><img loading=\"lazy\" decoding=\"async\" class=\"alignnone size-large wp-image-4241\" src=\"https:\/\/www.notredamelacouronne.fr\/news\/wp-content\/uploads\/2018\/12\/Self-service-300x225.jpg\" alt=\"\" width=\"300\" height=\"225\" srcset=\"https:\/\/www.notredamelacouronne.fr\/news\/wp-content\/uploads\/2018\/12\/Self-service-300x225.jpg 300w, https:\/\/www.notredamelacouronne.fr\/news\/wp-content\/uploads\/2018\/12\/Self-service.jpg 600w\" sizes=\"auto, (max-width: 300px) 100vw, 300px\" \/>\u00a0<img loading=\"lazy\" decoding=\"async\" class=\"alignnone size-large wp-image-4227\" src=\"https:\/\/www.notredamelacouronne.fr\/news\/wp-content\/uploads\/2018\/12\/Passage-au-self-3-300x225.jpg\" alt=\"\" width=\"300\" height=\"225\" srcset=\"https:\/\/www.notredamelacouronne.fr\/news\/wp-content\/uploads\/2018\/12\/Passage-au-self-3-300x225.jpg 300w, https:\/\/www.notredamelacouronne.fr\/news\/wp-content\/uploads\/2018\/12\/Passage-au-self-3.jpg 600w\" sizes=\"auto, (max-width: 300px) 100vw, 300px\" \/><\/li>\n<li><img loading=\"lazy\" decoding=\"async\" class=\"alignnone size-large wp-image-4240\" src=\"https:\/\/www.notredamelacouronne.fr\/news\/wp-content\/uploads\/2018\/12\/Self-service-GS-300x225.jpg\" alt=\"\" width=\"300\" height=\"225\" srcset=\"https:\/\/www.notredamelacouronne.fr\/news\/wp-content\/uploads\/2018\/12\/Self-service-GS-300x225.jpg 300w, https:\/\/www.notredamelacouronne.fr\/news\/wp-content\/uploads\/2018\/12\/Self-service-GS.jpg 600w\" sizes=\"auto, (max-width: 300px) 100vw, 300px\" \/><\/li>\n<li>R\u00e9fectoire maternelle<\/li>\n<li><img loading=\"lazy\" decoding=\"async\" class=\"alignnone size-large wp-image-4234\" src=\"https:\/\/www.notredamelacouronne.fr\/news\/wp-content\/uploads\/2018\/12\/restaurent-scolaire-maternelle-300x225.jpg\" alt=\"\" width=\"300\" height=\"225\" srcset=\"https:\/\/www.notredamelacouronne.fr\/news\/wp-content\/uploads\/2018\/12\/restaurent-scolaire-maternelle-300x225.jpg 300w, https:\/\/www.notredamelacouronne.fr\/news\/wp-content\/uploads\/2018\/12\/restaurent-scolaire-maternelle.jpg 600w\" sizes=\"auto, (max-width: 300px) 100vw, 300px\" \/><\/li>\n<li>R\u00e9fectoire primaire<\/li>\n<li><img loading=\"lazy\" decoding=\"async\" class=\"alignnone size-large wp-image-4233\" src=\"https:\/\/www.notredamelacouronne.fr\/news\/wp-content\/uploads\/2018\/12\/restaurant-scolaire-primaire--300x225.jpg\" alt=\"\" width=\"300\" height=\"225\" srcset=\"https:\/\/www.notredamelacouronne.fr\/news\/wp-content\/uploads\/2018\/12\/restaurant-scolaire-primaire--300x225.jpg 300w, https:\/\/www.notredamelacouronne.fr\/news\/wp-content\/uploads\/2018\/12\/restaurant-scolaire-primaire-.jpg 600w\" sizes=\"auto, (max-width: 300px) 100vw, 300px\" \/><\/li>\n<\/ul>\n","protected":false},"excerpt":{"rendered":"<p>_<\/p>\n","protected":false},"author":1,"featured_media":0,"parent":0,"menu_order":0,"comment_status":"closed","ping_status":"closed","template":"","meta":{"footnotes":""},"class_list":["post-2874","page","type-page","status-publish","hentry"],"_links":{"self":[{"href":"https:\/\/www.notredamelacouronne.fr\/news\/wp-json\/wp\/v2\/pages\/2874","targetHints":{"allow":["GET"]}}],"collection":[{"href":"https:\/\/www.notredamelacouronne.fr\/news\/wp-json\/wp\/v2\/pages"}],"about":[{"href":"https:\/\/www.notredamelacouronne.fr\/news\/wp-json\/wp\/v2\/types\/page"}],"author":[{"embeddable":true,"href":"https:\/\/www.notredamelacouronne.fr\/news\/wp-json\/wp\/v2\/users\/1"}],"replies":[{"embeddable":true,"href":"https:\/\/www.notredamelacouronne.fr\/news\/wp-json\/wp\/v2\/comments?post=2874"}],"version-history":[{"count":5,"href":"https:\/\/www.notredamelacouronne.fr\/news\/wp-json\/wp\/v2\/pages\/2874\/revisions"}],"predecessor-version":[{"id":8134,"href":"https:\/\/www.notredamelacouronne.fr\/news\/wp-json\/wp\/v2\/pages\/2874\/revisions\/8134"}],"wp:attachment":[{"href":"https:\/\/www.notredamelacouronne.fr\/news\/wp-json\/wp\/v2\/media?parent=2874"}],"curies":[{"name":"wp","href":"https:\/\/api.w.org\/{rel}","templated":true}]}}