{"id":2851,"date":"2017-02-21T22:10:46","date_gmt":"2017-02-21T21:10:46","guid":{"rendered":"http:\/\/www.notredamelacouronne.fr\/news\/?page_id=2851"},"modified":"2024-09-16T18:15:20","modified_gmt":"2024-09-16T17:15:20","slug":"informations-pratiques","status":"publish","type":"page","link":"https:\/\/www.notredamelacouronne.fr\/news\/informations-pratiques\/","title":{"rendered":"Informations Pratiques &#8211; \u00c9cole Primaire \u00e0 5 mn d&rsquo;Angoul\u00eame"},"content":{"rendered":"<p>&gt;&gt;&gt;\u00a0<strong><span style=\"color: #993300;\"><a style=\"color: #993300;\" href=\"https:\/\/www.notredamelacouronne.fr\/news\/wp-content\/uploads\/2024\/02\/Tarifs-2024-2025.pdf\" target=\"_blank\" rel=\"noopener noreferrer\"> Les tarifs 2024-2025<\/a><\/span><\/strong><\/p>\n<p>&gt;&gt;&gt;\u00a0<strong><span style=\"color: #800000;\"><a style=\"color: #800000;\" href=\"https:\/\/www.notredamelacouronne.fr\/news\/wp-content\/uploads\/2024\/08\/Reglement-d-ecole.pdf\" target=\"_blank\" rel=\"noopener noreferrer\">Le r\u00e8glement de l&rsquo;\u00e9cole<\/a><\/span><\/strong><\/p>\n<p>&gt;&gt;&gt;\u00a0<a href=\"https:\/\/www.notredamelacouronne.fr\/news\/wp-content\/uploads\/2024\/09\/Reglement-garderie-etude.pdf\" target=\"_blank\" rel=\"noopener\"><span style=\"color: #800000;\"><strong>Le r\u00e8glement de la garderi<strong>e<\/strong><\/strong><\/span><\/a><\/p>\n<p><strong><span style=\"color: #993300;\">&gt;&gt;&gt;\u00a0<a style=\"color: #993300;\" href=\"https:\/\/www.notredamelacouronne.fr\/news\/wp-content\/uploads\/2019\/10\/REGLES-DE-VIE-COUR-et-SELF-SERVICE.pdf\">r\u00e8gles de vie cour &amp; self-service <\/a><\/span><\/strong><\/p>\n<h2><strong>Horaires de l\u2019\u00e9cole\u00a0:<\/strong><\/h2>\n<p><strong>\u00a0<\/strong><strong>\u00a0\u00a0\u00a0\u00a0\u00a0\u00a0\u00a0\u00a0\u00a0\u00a0\u00a0\u00a0\u00a0\u00a0\u00a0 Lundi \u2013 Mardi \u2013 Jeudi &#8211; Vendredi<\/strong><\/p>\n<table style=\"height: 66px;\" width=\"585\">\n<tbody>\n<tr>\n<td width=\"252\">Matin<\/td>\n<td width=\"312\">8 h40 \u2013 11h45<\/td>\n<\/tr>\n<tr>\n<td width=\"252\">Apr\u00e8s-midi<\/td>\n<td width=\"312\">13h25 \u2013 16h30<\/td>\n<\/tr>\n<\/tbody>\n<\/table>\n<h2>Horaire de la garderie<\/h2>\n<p>(tous les jours\u00a0; le go\u00fbter est fourni pas les familles)<\/p>\n<table style=\"height: 66px;\" width=\"647\">\n<tbody>\n<tr>\n<td width=\"252\">Matin<\/td>\n<td width=\"307\">7h30 \u2013 8h30<\/td>\n<\/tr>\n<tr>\n<td width=\"252\">Apr\u00e8s-midi<\/td>\n<td width=\"307\">16h45 \u2013 18h45 (jusqu\u2019\u00e0 18h15 le vendredi)<\/td>\n<\/tr>\n<\/tbody>\n<\/table>\n<h2>Horaire de l\u2019\u00e9tude surveill\u00e9e (lundi et jeudi)<\/h2>\n<p><em>Ce service est propos\u00e9 pour les \u00e9l\u00e8ves du primaire sans surco\u00fbt au tarif de la garderie. Il s&rsquo;agit d&rsquo;une surveillance des \u00e9l\u00e8ves pendant leur temps de travail, encadr\u00e9e par une enseignante b\u00e9n\u00e9volement et un membre du personnel ayant les comp\u00e9tences pour cette fonction.<\/em> <em>Les familles ont le soin de v\u00e9rifier le travail.<\/em><\/p>\n<table style=\"height: 71px;\" width=\"764\">\n<tbody>\n<tr>\n<td width=\"252\">Etude\u00a0\u00e0 partir du CP<\/td>\n<td width=\"307\">17h 00 \u2013 17h30<\/td>\n<\/tr>\n<tr>\n<td width=\"252\">Les enfants restant vont en garderie<\/td>\n<td width=\"307\">17h45 \u2013 18h45 (jusqu\u2019\u00e0 18h15 le vendredi)<\/td>\n<\/tr>\n<\/tbody>\n<\/table>\n<h2>Restauration<\/h2>\n<table style=\"height: 68px;\" width=\"579\">\n<tbody>\n<tr>\n<td width=\"252\">Maternelle<\/td>\n<td width=\"307\">11h30\/45 &#8211; 12h15<\/td>\n<\/tr>\n<tr>\n<td width=\"252\">service primaire en self-service<\/td>\n<td width=\"307\">12h00 &#8211; 13h00\/15<\/td>\n<\/tr>\n<\/tbody>\n<\/table>\n<p><em>\u00a0<\/em><em>Les repas sont livr\u00e9s et pr\u00e9par\u00e9s tous les matins par la soci\u00e9t\u00e9 SODEXO. Les menus sont approuv\u00e9s par la directrice et transmis aux familles \u00e0 chaque p\u00e9riode de vacances.<\/em><\/p>\n<h2>Manuels scolaires<\/h2>\n<p>Les manuels scolaires des classes de primaire sont en location. Chaque \u00e9l\u00e8ve en est responsable pendant la dur\u00e9e du pr\u00eat. Cette location et certains fichiers et cahiers d\u2019exercices sont factur\u00e9s avec les fournitures de l&rsquo;ann\u00e9e.<\/p>\n","protected":false},"excerpt":{"rendered":"<p>_<\/p>\n","protected":false},"author":1,"featured_media":0,"parent":0,"menu_order":0,"comment_status":"closed","ping_status":"closed","template":"","meta":{"footnotes":""},"class_list":["post-2851","page","type-page","status-publish","hentry"],"_links":{"self":[{"href":"https:\/\/www.notredamelacouronne.fr\/news\/wp-json\/wp\/v2\/pages\/2851","targetHints":{"allow":["GET"]}}],"collection":[{"href":"https:\/\/www.notredamelacouronne.fr\/news\/wp-json\/wp\/v2\/pages"}],"about":[{"href":"https:\/\/www.notredamelacouronne.fr\/news\/wp-json\/wp\/v2\/types\/page"}],"author":[{"embeddable":true,"href":"https:\/\/www.notredamelacouronne.fr\/news\/wp-json\/wp\/v2\/users\/1"}],"replies":[{"embeddable":true,"href":"https:\/\/www.notredamelacouronne.fr\/news\/wp-json\/wp\/v2\/comments?post=2851"}],"version-history":[{"count":4,"href":"https:\/\/www.notredamelacouronne.fr\/news\/wp-json\/wp\/v2\/pages\/2851\/revisions"}],"predecessor-version":[{"id":8152,"href":"https:\/\/www.notredamelacouronne.fr\/news\/wp-json\/wp\/v2\/pages\/2851\/revisions\/8152"}],"wp:attachment":[{"href":"https:\/\/www.notredamelacouronne.fr\/news\/wp-json\/wp\/v2\/media?parent=2851"}],"curies":[{"name":"wp","href":"https:\/\/api.w.org\/{rel}","templated":true}]}}